{"id":230,"date":"2024-08-03T22:39:26","date_gmt":"2024-08-03T22:39:26","guid":{"rendered":"https:\/\/201.73c.mytemp.website\/?page_id=230"},"modified":"2024-08-05T00:49:02","modified_gmt":"2024-08-05T00:49:02","slug":"environmental-education-program","status":"publish","type":"page","link":"https:\/\/hsurvie.org\/en\/environmental-education-program\/","title":{"rendered":"Environmental education program"},"content":{"rendered":"\t\t<div data-elementor-type=\"wp-page\" data-elementor-id=\"230\" class=\"elementor elementor-230\">\n\t\t\t\t\t\t<section class=\"elementor-section elementor-top-section elementor-element elementor-element-5a680d70 elementor-section-boxed elementor-section-height-default elementor-section-height-default\" data-id=\"5a680d70\" data-element_type=\"section\" data-e-type=\"section\" data-settings=\"{&quot;background_background&quot;:&quot;slideshow&quot;,&quot;background_slideshow_gallery&quot;:[{&quot;id&quot;:154,&quot;url&quot;:&quot;http:\\\/\\\/hsurvie.org\\\/wp-content\\\/uploads\\\/2024\\\/07\\\/DSC05692-620x264-1.jpg&quot;},{&quot;id&quot;:155,&quot;url&quot;:&quot;http:\\\/\\\/hsurvie.org\\\/wp-content\\\/uploads\\\/2024\\\/07\\\/livelihood_projectphase_II_image_1.png&quot;},{&quot;id&quot;:156,&quot;url&quot;:&quot;http:\\\/\\\/hsurvie.org\\\/wp-content\\\/uploads\\\/2024\\\/07\\\/livelihood_projectphase_II_image_2.png&quot;}],&quot;background_slideshow_loop&quot;:&quot;yes&quot;,&quot;background_slideshow_slide_duration&quot;:5000,&quot;background_slideshow_slide_transition&quot;:&quot;fade&quot;,&quot;background_slideshow_transition_duration&quot;:500}\">\n\t\t\t\t\t\t\t<div class=\"elementor-background-overlay\"><\/div>\n\t\t\t\t\t\t\t<div class=\"elementor-container elementor-column-gap-default\">\n\t\t\t\t\t<div class=\"elementor-column elementor-col-100 elementor-top-column elementor-element elementor-element-48cb6896\" data-id=\"48cb6896\" data-element_type=\"column\" data-e-type=\"column\">\n\t\t\t<div class=\"elementor-widget-wrap elementor-element-populated\">\n\t\t\t\t\t\t<div class=\"elementor-element elementor-element-66a79ef elementor-widget__width-initial elementor-widget elementor-widget-nacharity_basic_separator\" data-id=\"66a79ef\" data-element_type=\"widget\" data-e-type=\"widget\" data-widget_type=\"nacharity_basic_separator.default\">\n\t\t\t\t<div class=\"elementor-widget-container\">\n\t\t\t\t\t<div class=\"nacep-separator separator-left border-two\"><span class=\"sep-two-left\"><\/span><div class=\"nacep-sep\">Programme d&#039;\u00e9ducation environnementale<\/div><span class=\"sep-two-right\"><\/span><\/div>\t\t\t\t<\/div>\n\t\t\t\t<\/div>\n\t\t\t\t\t<\/div>\n\t\t<\/div>\n\t\t\t\t\t<\/div>\n\t\t<\/section>\n\t\t\t\t<section class=\"elementor-section elementor-top-section elementor-element elementor-element-62a3d46 elementor-section-boxed elementor-section-height-default elementor-section-height-default\" data-id=\"62a3d46\" data-element_type=\"section\" data-e-type=\"section\">\n\t\t\t\t\t\t<div class=\"elementor-container elementor-column-gap-wider\">\n\t\t\t\t\t<div class=\"elementor-column elementor-col-50 elementor-top-column elementor-element elementor-element-0f121da\" data-id=\"0f121da\" data-element_type=\"column\" data-e-type=\"column\">\n\t\t\t<div class=\"elementor-widget-wrap elementor-element-populated\">\n\t\t\t\t\t\t<div class=\"elementor-element elementor-element-ffae5b2 elementor-widget elementor-widget-nacharity_basic_separator\" data-id=\"ffae5b2\" data-element_type=\"widget\" data-e-type=\"widget\" data-widget_type=\"nacharity_basic_separator.default\">\n\t\t\t\t<div class=\"elementor-widget-container\">\n\t\t\t\t\t<div class=\"nacep-separator separator-left\"><span class=\"sep-left\"><\/span><div class=\"nacep-sep\">Analyse de la Dynamique Environnementale en Ha\u00efti<\/div><span class=\"sep-right\"><\/span><\/div>\t\t\t\t<\/div>\n\t\t\t\t<\/div>\n\t\t\t\t<div class=\"elementor-element elementor-element-a3f3aea elementor-widget elementor-widget-heading\" data-id=\"a3f3aea\" data-element_type=\"widget\" data-e-type=\"widget\" data-widget_type=\"heading.default\">\n\t\t\t\t<div class=\"elementor-widget-container\">\n\t\t\t\t\t<p class=\"elementor-heading-title elementor-size-default\">La relation historique entre l\u2019homme ha\u00eftien et son environnement a \u00e9t\u00e9 caract\u00e9ris\u00e9e par une harmonie intrins\u00e8que, o\u00f9 les \u00e9l\u00e9ments naturels tels que l\u2019air, l\u2019eau, la flore et la faune \u00e9taient profond\u00e9ment respect\u00e9s. Des traditions ancestrales, telles que la plantation d\u2019un arbre \u00e0 la naissance d\u2019un enfant, symbolisaient cette connexion, avec le nombril de l\u2019enfant enterr\u00e9 sous l\u2019arbre, \u00e9tablissant un lien vital entre l\u2019individu et la terre.<\/p>\t\t\t\t<\/div>\n\t\t\t\t<\/div>\n\t\t\t\t<div class=\"elementor-element elementor-element-d42818f elementor-widget elementor-widget-heading\" data-id=\"d42818f\" data-element_type=\"widget\" data-e-type=\"widget\" data-widget_type=\"heading.default\">\n\t\t\t\t<div class=\"elementor-widget-container\">\n\t\t\t\t\t<p class=\"elementor-heading-title elementor-size-default\">Cependant, ces pratiques culturelles n\u2019ont pas suffi \u00e0 pr\u00e9server le riche patrimoine \u00e9cologique d\u2019Ha\u00efti. Les conditions socio-\u00e9conomiques pr\u00e9caires ont conduit \u00e0 une surexploitation des ressources naturelles, un ph\u00e9nom\u00e8ne exacerb\u00e9 par les p\u00e9riodes de colonisation espagnole et fran\u00e7aise, qui ont vu la destruction massive des for\u00eats primaires. Apr\u00e8s l\u2019ind\u00e9pendance en 1804, la situation n\u2019a fait qu\u2019empirer, avec une exploitation d\u00e9sordonn\u00e9e des bois pr\u00e9cieux et une d\u00e9pendance accrue au bois comme source d\u2019\u00e9nergie principale.\n<div><br><\/div>      <\/p>\t\t\t\t<\/div>\n\t\t\t\t<\/div>\n\t\t\t\t\t<\/div>\n\t\t<\/div>\n\t\t\t\t<div class=\"elementor-column elementor-col-50 elementor-top-column elementor-element elementor-element-de91fb0\" data-id=\"de91fb0\" data-element_type=\"column\" data-e-type=\"column\">\n\t\t\t<div class=\"elementor-widget-wrap elementor-element-populated\">\n\t\t\t\t\t\t<div class=\"elementor-element elementor-element-49e4676 elementor-widget elementor-widget-image-gallery\" data-id=\"49e4676\" data-element_type=\"widget\" data-e-type=\"widget\" data-widget_type=\"image-gallery.default\">\n\t\t\t\t<div class=\"elementor-widget-container\">\n\t\t\t\t\t\t\t<div class=\"elementor-image-gallery\">\n\t\t\t<div id='gallery-1' class='gallery galleryid-230 gallery-columns-1 gallery-size-full'><figure class='gallery-item'>\n\t\t\t<div class='gallery-icon portrait'>\n\t\t\t\t<a data-elementor-open-lightbox=\"yes\" data-elementor-lightbox-slideshow=\"49e4676\" data-elementor-lightbox-title=\"Poster HS pour sensibilisation 6\" data-e-action-hash=\"#elementor-action%3Aaction%3Dlightbox%26settings%3DeyJpZCI6MjMyLCJ1cmwiOiJodHRwOlwvXC9oc3VydmllLm9yZ1wvd3AtY29udGVudFwvdXBsb2Fkc1wvMjAyNFwvMDhcL1Bvc3Rlci1IUy1wb3VyLXNlbnNpYmlsaXNhdGlvbi02LmpwZyIsInNsaWRlc2hvdyI6IjQ5ZTQ2NzYifQ%3D%3D\" href='http:\/\/hsurvie.org\/wp-content\/uploads\/2024\/08\/Poster-HS-pour-sensibilisation-6.jpg'><img fetchpriority=\"high\" decoding=\"async\" width=\"1019\" height=\"1441\" src=\"http:\/\/hsurvie.org\/wp-content\/uploads\/2024\/08\/Poster-HS-pour-sensibilisation-6.jpg\" class=\"attachment-full size-full\" alt=\"\" srcset=\"http:\/\/hsurvie.org\/wp-content\/uploads\/2024\/08\/Poster-HS-pour-sensibilisation-6.jpg 1019w, http:\/\/hsurvie.org\/wp-content\/uploads\/2024\/08\/Poster-HS-pour-sensibilisation-6-212x300.jpg 212w, http:\/\/hsurvie.org\/wp-content\/uploads\/2024\/08\/Poster-HS-pour-sensibilisation-6-724x1024.jpg 724w, http:\/\/hsurvie.org\/wp-content\/uploads\/2024\/08\/Poster-HS-pour-sensibilisation-6-768x1086.jpg 768w\" sizes=\"(max-width: 1019px) 100vw, 1019px\" \/><\/a>\n\t\t\t<\/div><\/figure>\n\t\t<\/div>\n\t\t<\/div>\n\t\t\t\t\t\t<\/div>\n\t\t\t\t<\/div>\n\t\t\t\t\t<\/div>\n\t\t<\/div>\n\t\t\t\t\t<\/div>\n\t\t<\/section>\n\t\t\t\t<section class=\"elementor-section elementor-top-section elementor-element elementor-element-270d88be elementor-section-boxed elementor-section-height-default elementor-section-height-default\" data-id=\"270d88be\" data-element_type=\"section\" data-e-type=\"section\">\n\t\t\t\t\t\t<div class=\"elementor-container elementor-column-gap-wider\">\n\t\t\t\t\t<div class=\"elementor-column elementor-col-100 elementor-top-column elementor-element elementor-element-68c01f5f\" data-id=\"68c01f5f\" data-element_type=\"column\" data-e-type=\"column\">\n\t\t\t<div class=\"elementor-widget-wrap elementor-element-populated\">\n\t\t\t\t\t\t<div class=\"elementor-element elementor-element-29c89d54 elementor-widget elementor-widget-heading\" data-id=\"29c89d54\" data-element_type=\"widget\" data-e-type=\"widget\" data-widget_type=\"heading.default\">\n\t\t\t\t<div class=\"elementor-widget-container\">\n\t\t\t\t\t<p class=\"elementor-heading-title elementor-size-default\">La d\u00e9gradation environnementale a \u00e9t\u00e9 principalement aliment\u00e9e par le d\u00e9placement forc\u00e9 des paysans pauvres vers les zones montagneuses, o\u00f9 ils ont d\u00e9frich\u00e9 les terres pour cultiver des produits de subsistance tels que le ma\u00efs, le haricot, le manioc et la patate. Ces pratiques agricoles saisonni\u00e8res, sur des pentes abruptes, ont acc\u00e9l\u00e9r\u00e9 l\u2019\u00e9rosion, r\u00e9duisant la couverture foresti\u00e8re \u00e0 environ 4% selon l\u2019Organisation des Nations unies pour l\u2019alimentation et l\u2019agriculture (FAO), Cependant, une autre \u00e9tude parue en 2018 estime cette     couverture \u00e0 seulement 0.1% de la superficie totale du pays. \n<br \/>\nL\u2019\u00e8re post-1915 a vu l\u2019introduction d\u2019une politique agricole favorisant la monoculture par de grandes entreprises, aggravant le d\u00e9placement des paysans et le d\u00e9boisement sauvage. L\u2019urbanisation et l\u2019industrialisation de la seconde moiti\u00e9 du XXe si\u00e8cle ont augment\u00e9 la demande en bois pour l\u2019\u00e9nergie domestique et dans les petites unit\u00e9s de production, entra\u00eenant une migration rurale vers les villes et l\u2019\u00e9mergence de nouveaux probl\u00e8mes environnementaux, tels que la d\u00e9gradation des ressources en eau et la mauvaise gestion des d\u00e9chets.\u200b<\/p>\t\t\t\t<\/div>\n\t\t\t\t<\/div>\n\t\t\t\t\t<\/div>\n\t\t<\/div>\n\t\t\t\t\t<\/div>\n\t\t<\/section>\n\t\t\t\t<section class=\"elementor-section elementor-top-section elementor-element elementor-element-2e5b4c2 elementor-section-boxed elementor-section-height-default elementor-section-height-default\" data-id=\"2e5b4c2\" data-element_type=\"section\" data-e-type=\"section\">\n\t\t\t\t\t\t<div class=\"elementor-container elementor-column-gap-wider\">\n\t\t\t\t\t<div class=\"elementor-column elementor-col-100 elementor-top-column elementor-element elementor-element-d24a33d\" data-id=\"d24a33d\" data-element_type=\"column\" data-e-type=\"column\">\n\t\t\t<div class=\"elementor-widget-wrap elementor-element-populated\">\n\t\t\t\t\t\t<div class=\"elementor-element elementor-element-4bf9900 elementor-widget elementor-widget-nacharity_basic_separator\" data-id=\"4bf9900\" data-element_type=\"widget\" data-e-type=\"widget\" data-widget_type=\"nacharity_basic_separator.default\">\n\t\t\t\t<div class=\"elementor-widget-container\">\n\t\t\t\t\t<div class=\"nacep-separator separator-left\"><span class=\"sep-left\"><\/span><div class=\"nacep-sep\">Facteurs du D\u00e9boisement en Ha\u00efti<\/div><span class=\"sep-right\"><\/span><\/div>\t\t\t\t<\/div>\n\t\t\t\t<\/div>\n\t\t\t\t<div class=\"elementor-element elementor-element-8e03ca2 elementor-widget elementor-widget-heading\" data-id=\"8e03ca2\" data-element_type=\"widget\" data-e-type=\"widget\" data-widget_type=\"heading.default\">\n\t\t\t\t<div class=\"elementor-widget-container\">\n\t\t\t\t\t<p class=\"elementor-heading-title elementor-size-default\">La crise actuelle du couvert forestier en Ha\u00efti, estim\u00e9 \u00e0 seulement moins de 1%, contraste fortement avec les 95% rapport\u00e9s \u00e0 l\u2019\u00e9poque de Christophe Colomb en 1492. Plusieurs facteurs ont contribu\u00e9 \u00e0 cette diminution drastique :<\/p>\t\t\t\t<\/div>\n\t\t\t\t<\/div>\n\t\t\t\t<div class=\"elementor-element elementor-element-6623557 elementor-widget elementor-widget-heading\" data-id=\"6623557\" data-element_type=\"widget\" data-e-type=\"widget\" data-widget_type=\"heading.default\">\n\t\t\t\t<div class=\"elementor-widget-container\">\n\t\t\t\t\t<p class=\"elementor-heading-title elementor-size-default\">a) L\u2019exploitation coloniale : Le bois pr\u00e9cieux \u00e9tait export\u00e9 massivement durant l\u2019\u00e9poque coloniale. <br>b) La d\u00e9pendance \u00e9nerg\u00e9tique : Le bois reste la source d\u2019\u00e9nergie principale pour la cuisson et les activit\u00e9s de production telles que les boulangeries et les blanchisseries.  <br>c) L\u2019agriculture : Le bois est utilis\u00e9 comme support dans la production agricole et est \u00e9galement tr\u00e8s demand\u00e9 dans le secteur de la construction. <br>d) Les politiques gouvernementales : Des concessions importantes ont \u00e9t\u00e9 accord\u00e9es \u00e0 des entreprises \u00e9trang\u00e8res pour l\u2019exploitation du bois, entra\u00eenant la d\u00e9forestation. De plus, pour contrer les menaces politiques, des r\u00e9gimes dictatoriaux ont d\u00e9vast\u00e9 des zones frontali\u00e8res et n\u00e9glig\u00e9 de fournir des alternatives \u00e9nerg\u00e9tiques au bois. <br>e) Les facteurs \u00e9conomiques : Le manque d\u2019activit\u00e9s g\u00e9n\u00e9ratrices de revenus pousse les habitants \u00e0 produire du charbon pour subvenir aux besoins de leurs familles. <br>f) La pression d\u00e9mographique : La croissance de la population entra\u00eene la lib\u00e9ration d\u2019espaces pour l\u2019agriculture, exacerbant le d\u00e9boisement. <br \/><br \/>\nCette analyse met en lumi\u00e8re les d\u00e9fis complexes auxquels Ha\u00efti est confront\u00e9e en mati\u00e8re de gestion environnementale et souligne l\u2019urgence d\u2019adopter des strat\u00e9gies durables pour inverser les tendances de d\u00e9gradation.<\/p>\t\t\t\t<\/div>\n\t\t\t\t<\/div>\n\t\t\t\t\t<\/div>\n\t\t<\/div>\n\t\t\t\t\t<\/div>\n\t\t<\/section>\n\t\t\t\t<section class=\"elementor-section elementor-top-section elementor-element elementor-element-790e6b3 elementor-section-boxed elementor-section-height-default elementor-section-height-default\" data-id=\"790e6b3\" data-element_type=\"section\" data-e-type=\"section\">\n\t\t\t\t\t\t<div class=\"elementor-container elementor-column-gap-wider\">\n\t\t\t\t\t<div class=\"elementor-column elementor-col-50 elementor-top-column elementor-element elementor-element-e1d96cc\" data-id=\"e1d96cc\" data-element_type=\"column\" data-e-type=\"column\">\n\t\t\t<div class=\"elementor-widget-wrap elementor-element-populated\">\n\t\t\t\t\t\t<div class=\"elementor-element elementor-element-23acb77 elementor-widget elementor-widget-nacharity_basic_separator\" data-id=\"23acb77\" data-element_type=\"widget\" data-e-type=\"widget\" data-widget_type=\"nacharity_basic_separator.default\">\n\t\t\t\t<div class=\"elementor-widget-container\">\n\t\t\t\t\t<div class=\"nacep-separator separator-left\"><span class=\"sep-left\"><\/span><div class=\"nacep-sep\">Actions entreprises dans le cadre de l\u2019\u00e9ducation \u00e0 la sensibilisation environnementale<\/div><span class=\"sep-right\"><\/span><\/div>\t\t\t\t<\/div>\n\t\t\t\t<\/div>\n\t\t\t\t<div class=\"elementor-element elementor-element-e8625a5 elementor-widget elementor-widget-heading\" data-id=\"e8625a5\" data-element_type=\"widget\" data-e-type=\"widget\" data-widget_type=\"heading.default\">\n\t\t\t\t<div class=\"elementor-widget-container\">\n\t\t\t\t\t<p class=\"elementor-heading-title elementor-size-default\">1. Partenariats et Engagement Communautaire :<\/p>\t\t\t\t<\/div>\n\t\t\t\t<\/div>\n\t\t\t\t<div class=\"elementor-element elementor-element-35efb6f elementor-widget elementor-widget-heading\" data-id=\"35efb6f\" data-element_type=\"widget\" data-e-type=\"widget\" data-widget_type=\"heading.default\">\n\t\t\t\t<div class=\"elementor-widget-container\">\n\t\t\t\t\t<p class=\"elementor-heading-title elementor-size-default\">Des partenariats en collaboration avec des institutions scolaires et des r\u00e9seaux d\u2019organisations environnementales diverses sont d\u00e9velopp\u00e9s pour fournir des ressources et des connaissances suppl\u00e9mentaires.<\/p>\t\t\t\t<\/div>\n\t\t\t\t<\/div>\n\t\t\t\t<div class=\"elementor-element elementor-element-04a5d87 elementor-widget elementor-widget-heading\" data-id=\"04a5d87\" data-element_type=\"widget\" data-e-type=\"widget\" data-widget_type=\"heading.default\">\n\t\t\t\t<div class=\"elementor-widget-container\">\n\t\t\t\t\t<p class=\"elementor-heading-title elementor-size-default\">2. Programmes de production et de parrainage d\u2019arbres : <\/p>\t\t\t\t<\/div>\n\t\t\t\t<\/div>\n\t\t\t\t<div class=\"elementor-element elementor-element-88b8406 elementor-widget elementor-widget-heading\" data-id=\"88b8406\" data-element_type=\"widget\" data-e-type=\"widget\" data-widget_type=\"heading.default\">\n\t\t\t\t<div class=\"elementor-widget-container\">\n\t\t\t\t\t<p class=\"elementor-heading-title elementor-size-default\">D\u00e9veloppement  des programmes de distribution d\u2019arbres o\u00f9 les membres de la communaut\u00e9 et les \u00e9l\u00e8ves  ont  parrain\u00e9 la plantation et l\u2019entretien des arbres.<\/p>\t\t\t\t<\/div>\n\t\t\t\t<\/div>\n\t\t\t\t<div class=\"elementor-element elementor-element-55a4454 elementor-widget elementor-widget-heading\" data-id=\"55a4454\" data-element_type=\"widget\" data-e-type=\"widget\" data-widget_type=\"heading.default\">\n\t\t\t\t<div class=\"elementor-widget-container\">\n\t\t\t\t\t<p class=\"elementor-heading-title elementor-size-default\">3. Suivi des plantations :<\/p>\t\t\t\t<\/div>\n\t\t\t\t<\/div>\n\t\t\t\t<div class=\"elementor-element elementor-element-e0ef57c elementor-widget elementor-widget-heading\" data-id=\"e0ef57c\" data-element_type=\"widget\" data-e-type=\"widget\" data-widget_type=\"heading.default\">\n\t\t\t\t<div class=\"elementor-widget-container\">\n\t\t\t\t\t<p class=\"elementor-heading-title elementor-size-default\">Organisation des sessions r\u00e9guli\u00e8res o\u00f9 les \u00e9l\u00e8ves peuvent observer et documenter la croissance des arbres et les changements dans l\u2019environnement local.<\/p>\t\t\t\t<\/div>\n\t\t\t\t<\/div>\n\t\t\t\t<div class=\"elementor-element elementor-element-d624d4e elementor-widget elementor-widget-heading\" data-id=\"d624d4e\" data-element_type=\"widget\" data-e-type=\"widget\" data-widget_type=\"heading.default\">\n\t\t\t\t<div class=\"elementor-widget-container\">\n\t\t\t\t\t<p class=\"elementor-heading-title elementor-size-default\">4.  \u00c9valuation et Suivi :<\/p>\t\t\t\t<\/div>\n\t\t\t\t<\/div>\n\t\t\t\t<div class=\"elementor-element elementor-element-9af1161 elementor-widget elementor-widget-heading\" data-id=\"9af1161\" data-element_type=\"widget\" data-e-type=\"widget\" data-widget_type=\"heading.default\">\n\t\t\t\t<div class=\"elementor-widget-container\">\n\t\t\t\t\t<p class=\"elementor-heading-title elementor-size-default\">Mise en place des m\u00e9canismes de suivi pour \u00e9valuer l\u2019impact des arbres d\u00e9j\u00e0 distribu\u00e9s, en termes de survie, de croissance et de b\u00e9n\u00e9fices \u00e9cologiques.<\/p>\t\t\t\t<\/div>\n\t\t\t\t<\/div>\n\t\t\t\t<div class=\"elementor-element elementor-element-b404841 elementor-widget elementor-widget-heading\" data-id=\"b404841\" data-element_type=\"widget\" data-e-type=\"widget\" data-widget_type=\"heading.default\">\n\t\t\t\t<div class=\"elementor-widget-container\">\n\t\t\t\t\t<p class=\"elementor-heading-title elementor-size-default\">5. Int\u00e9gration Curriculaire :<\/p>\t\t\t\t<\/div>\n\t\t\t\t<\/div>\n\t\t\t\t<div class=\"elementor-element elementor-element-92c0c89 elementor-widget elementor-widget-heading\" data-id=\"92c0c89\" data-element_type=\"widget\" data-e-type=\"widget\" data-widget_type=\"heading.default\">\n\t\t\t\t<div class=\"elementor-widget-container\">\n\t\t\t\t\t<p class=\"elementor-heading-title elementor-size-default\">D\u00e9marche d\u2019int\u00e9grer les programmes scolaires existants des modules sp\u00e9cifiques sur l\u2019environnement, la durabilit\u00e9  et la gestion des d\u00e9chets.<\/p>\t\t\t\t<\/div>\n\t\t\t\t<\/div>\n\t\t\t\t<div class=\"elementor-element elementor-element-0072ba8 elementor-widget elementor-widget-heading\" data-id=\"0072ba8\" data-element_type=\"widget\" data-e-type=\"widget\" data-widget_type=\"heading.default\">\n\t\t\t\t<div class=\"elementor-widget-container\">\n\t\t\t\t\t<p class=\"elementor-heading-title elementor-size-default\">6. Ateliers p\u00e9dagogiques :<\/p>\t\t\t\t<\/div>\n\t\t\t\t<\/div>\n\t\t\t\t<div class=\"elementor-element elementor-element-c3d083f elementor-widget elementor-widget-heading\" data-id=\"c3d083f\" data-element_type=\"widget\" data-e-type=\"widget\" data-widget_type=\"heading.default\">\n\t\t\t\t<div class=\"elementor-widget-container\">\n\t\t\t\t\t<p class=\"elementor-heading-title elementor-size-default\">Cr\u00e9ation des ateliers o\u00f9 les \u00e9l\u00e8ves peuvent apprendre sur la biodiversit\u00e9 locale, l\u2019importance des arbres dans l\u2019\u00e9cosyst\u00e8me et les techniques de plantation et d\u2019entretien.<\/p>\t\t\t\t<\/div>\n\t\t\t\t<\/div>\n\t\t\t\t<div class=\"elementor-element elementor-element-507ad8a elementor-widget elementor-widget-heading\" data-id=\"507ad8a\" data-element_type=\"widget\" data-e-type=\"widget\" data-widget_type=\"heading.default\">\n\t\t\t\t<div class=\"elementor-widget-container\">\n\t\t\t\t\t<p class=\"elementor-heading-title elementor-size-default\">7. Travaux pratiques :<\/p>\t\t\t\t<\/div>\n\t\t\t\t<\/div>\n\t\t\t\t<div class=\"elementor-element elementor-element-f94661d elementor-widget elementor-widget-heading\" data-id=\"f94661d\" data-element_type=\"widget\" data-e-type=\"widget\" data-widget_type=\"heading.default\">\n\t\t\t\t<div class=\"elementor-widget-container\">\n\t\t\t\t\t<p class=\"elementor-heading-title elementor-size-default\">Organisation des travaux pratiques tels que la mise en place de p\u00e9pini\u00e8res scolaires des fins de reboisement. <\/p>\t\t\t\t<\/div>\n\t\t\t\t<\/div>\n\t\t\t\t<div class=\"elementor-element elementor-element-f4cc6c3 elementor-widget elementor-widget-heading\" data-id=\"f4cc6c3\" data-element_type=\"widget\" data-e-type=\"widget\" data-widget_type=\"heading.default\">\n\t\t\t\t<div class=\"elementor-widget-container\">\n\t\t\t\t\t<p class=\"elementor-heading-title elementor-size-default\">8. Communication et Sensibilisation :<\/p>\t\t\t\t<\/div>\n\t\t\t\t<\/div>\n\t\t\t\t<div class=\"elementor-element elementor-element-2c3b887 elementor-widget elementor-widget-heading\" data-id=\"2c3b887\" data-element_type=\"widget\" data-e-type=\"widget\" data-widget_type=\"heading.default\">\n\t\t\t\t<div class=\"elementor-widget-container\">\n\t\t\t\t\t<p class=\"elementor-heading-title elementor-size-default\">Des campagnes de sensibilisation sont organis\u00e9es   au niveau   des \u00e9coles  pour promouvoir les avantages des arbres et l\u2019importance de la conservation de l\u2019environnement.<\/p>\t\t\t\t<\/div>\n\t\t\t\t<\/div>\n\t\t\t\t<div class=\"elementor-element elementor-element-84f4f51 elementor-widget elementor-widget-heading\" data-id=\"84f4f51\" data-element_type=\"widget\" data-e-type=\"widget\" data-widget_type=\"heading.default\">\n\t\t\t\t<div class=\"elementor-widget-container\">\n\t\t\t\t\t<p class=\"elementor-heading-title elementor-size-default\">9. \u00c9v\u00e9nements \u00e9ducatifs :<\/p>\t\t\t\t<\/div>\n\t\t\t\t<\/div>\n\t\t\t\t<div class=\"elementor-element elementor-element-6938e6e elementor-widget elementor-widget-heading\" data-id=\"6938e6e\" data-element_type=\"widget\" data-e-type=\"widget\" data-widget_type=\"heading.default\">\n\t\t\t\t<div class=\"elementor-widget-container\">\n\t\t\t\t\t<p class=\"elementor-heading-title elementor-size-default\">Des  \u00e9v\u00e9nements \u00e9ducatifs, tels que des conf\u00e9rences tous les 18 mai et des foires sont organis\u00e9es  pour mettre en lumi\u00e8re les efforts de sensibilisation environnementale<\/p>\t\t\t\t<\/div>\n\t\t\t\t<\/div>\n\t\t\t\t<div class=\"elementor-element elementor-element-b7ab0cd elementor-widget elementor-widget-heading\" data-id=\"b7ab0cd\" data-element_type=\"widget\" data-e-type=\"widget\" data-widget_type=\"heading.default\">\n\t\t\t\t<div class=\"elementor-widget-container\">\n\t\t\t\t\t<p class=\"elementor-heading-title elementor-size-default\">10. Renforcement des Capacit\u00e9s :<\/p>\t\t\t\t<\/div>\n\t\t\t\t<\/div>\n\t\t\t\t<div class=\"elementor-element elementor-element-542fed2 elementor-widget elementor-widget-heading\" data-id=\"542fed2\" data-element_type=\"widget\" data-e-type=\"widget\" data-widget_type=\"heading.default\">\n\t\t\t\t<div class=\"elementor-widget-container\">\n\t\t\t\t\t<p class=\"elementor-heading-title elementor-size-default\">Offre des formations continues aux enseignants sur les derni\u00e8res pratiques en mati\u00e8re d\u2019\u00e9ducation environnementale.<\/p>\t\t\t\t<\/div>\n\t\t\t\t<\/div>\n\t\t\t\t<div class=\"elementor-element elementor-element-a92022e elementor-widget elementor-widget-heading\" data-id=\"a92022e\" data-element_type=\"widget\" data-e-type=\"widget\" data-widget_type=\"heading.default\">\n\t\t\t\t<div class=\"elementor-widget-container\">\n\t\t\t\t\t<p class=\"elementor-heading-title elementor-size-default\">11. Ressources \u00e9ducatives :<\/p>\t\t\t\t<\/div>\n\t\t\t\t<\/div>\n\t\t\t\t<div class=\"elementor-element elementor-element-3042443 elementor-widget elementor-widget-heading\" data-id=\"3042443\" data-element_type=\"widget\" data-e-type=\"widget\" data-widget_type=\"heading.default\">\n\t\t\t\t<div class=\"elementor-widget-container\">\n\t\t\t\t\t<p class=\"elementor-heading-title elementor-size-default\">D\u00e9veloppement et distribution des ressources \u00e9ducatives, comme des guides, des d\u00e9pliants et des manuels sur la conservation de l\u2019environnement et la plantation d\u2019arbres.\n<br \/><br \/>\nEn mettant en \u0153uvre ces actions, Ha\u00efti Survie vise non seulement l\u2019\u00e9ducation \u00e0 la sensibilisation environnementale mais aussi l\u2019engagement des \u00e9l\u00e8ves, des professeurs et  la communaut\u00e9 en g\u00e9n\u00e9ral dans la protection et la valorisation de l\u2019environnement. <\/p>\t\t\t\t<\/div>\n\t\t\t\t<\/div>\n\t\t\t\t\t<\/div>\n\t\t<\/div>\n\t\t\t\t<div class=\"elementor-column elementor-col-50 elementor-top-column elementor-element elementor-element-e7af605\" data-id=\"e7af605\" data-element_type=\"column\" data-e-type=\"column\">\n\t\t\t<div class=\"elementor-widget-wrap elementor-element-populated\">\n\t\t\t\t\t\t<div class=\"elementor-element elementor-element-e5a0227 elementor-widget elementor-widget-image\" data-id=\"e5a0227\" data-element_type=\"widget\" data-e-type=\"widget\" data-widget_type=\"image.default\">\n\t\t\t\t<div class=\"elementor-widget-container\">\n\t\t\t\t\t\t\t\t\t\t\t\t\t\t\t<img decoding=\"async\" width=\"640\" height=\"474\" src=\"http:\/\/hsurvie.org\/wp-content\/uploads\/2024\/08\/Poster-HS-pour-sensibilisation-3.jpg\" class=\"attachment-large size-large wp-image-235\" alt=\"\" srcset=\"http:\/\/hsurvie.org\/wp-content\/uploads\/2024\/08\/Poster-HS-pour-sensibilisation-3.jpg 659w, http:\/\/hsurvie.org\/wp-content\/uploads\/2024\/08\/Poster-HS-pour-sensibilisation-3-300x222.jpg 300w\" sizes=\"(max-width: 640px) 100vw, 640px\" \/>\t\t\t\t\t\t\t\t\t\t\t\t\t\t\t<\/div>\n\t\t\t\t<\/div>\n\t\t\t\t<div class=\"elementor-element elementor-element-14a7dcc elementor-widget elementor-widget-image\" data-id=\"14a7dcc\" data-element_type=\"widget\" data-e-type=\"widget\" data-widget_type=\"image.default\">\n\t\t\t\t<div class=\"elementor-widget-container\">\n\t\t\t\t\t\t\t\t\t\t\t\t\t\t\t<img decoding=\"async\" width=\"512\" height=\"660\" src=\"http:\/\/hsurvie.org\/wp-content\/uploads\/2024\/08\/Poster-HS-pour-sensibilisation-5.jpg\" class=\"attachment-large size-large wp-image-233\" alt=\"\" srcset=\"http:\/\/hsurvie.org\/wp-content\/uploads\/2024\/08\/Poster-HS-pour-sensibilisation-5.jpg 512w, http:\/\/hsurvie.org\/wp-content\/uploads\/2024\/08\/Poster-HS-pour-sensibilisation-5-233x300.jpg 233w\" sizes=\"(max-width: 512px) 100vw, 512px\" \/>\t\t\t\t\t\t\t\t\t\t\t\t\t\t\t<\/div>\n\t\t\t\t<\/div>\n\t\t\t\t<div class=\"elementor-element elementor-element-9143350 elementor-widget elementor-widget-image\" data-id=\"9143350\" data-element_type=\"widget\" data-e-type=\"widget\" data-widget_type=\"image.default\">\n\t\t\t\t<div class=\"elementor-widget-container\">\n\t\t\t\t\t\t\t\t\t\t\t\t\t\t\t<img loading=\"lazy\" decoding=\"async\" width=\"510\" height=\"659\" src=\"http:\/\/hsurvie.org\/wp-content\/uploads\/2024\/08\/Poster-HS-pour-sensibilisation-2.jpg\" class=\"attachment-large size-large wp-image-242\" alt=\"\" srcset=\"http:\/\/hsurvie.org\/wp-content\/uploads\/2024\/08\/Poster-HS-pour-sensibilisation-2.jpg 510w, http:\/\/hsurvie.org\/wp-content\/uploads\/2024\/08\/Poster-HS-pour-sensibilisation-2-232x300.jpg 232w\" sizes=\"(max-width: 510px) 100vw, 510px\" \/>\t\t\t\t\t\t\t\t\t\t\t\t\t\t\t<\/div>\n\t\t\t\t<\/div>\n\t\t\t\t<div class=\"elementor-element elementor-element-cfb2bd3 elementor-widget elementor-widget-image\" data-id=\"cfb2bd3\" data-element_type=\"widget\" data-e-type=\"widget\" data-widget_type=\"image.default\">\n\t\t\t\t<div class=\"elementor-widget-container\">\n\t\t\t\t\t\t\t\t\t\t\t\t\t\t\t<img loading=\"lazy\" decoding=\"async\" width=\"640\" height=\"479\" src=\"http:\/\/hsurvie.org\/wp-content\/uploads\/2024\/08\/photoformationhsurvie2-1024x767.jpeg\" class=\"attachment-large size-large wp-image-243\" alt=\"\" srcset=\"http:\/\/hsurvie.org\/wp-content\/uploads\/2024\/08\/photoformationhsurvie2-1024x767.jpeg 1024w, http:\/\/hsurvie.org\/wp-content\/uploads\/2024\/08\/photoformationhsurvie2-300x225.jpeg 300w, http:\/\/hsurvie.org\/wp-content\/uploads\/2024\/08\/photoformationhsurvie2-768x575.jpeg 768w, http:\/\/hsurvie.org\/wp-content\/uploads\/2024\/08\/photoformationhsurvie2.jpeg 1080w\" sizes=\"(max-width: 640px) 100vw, 640px\" \/>\t\t\t\t\t\t\t\t\t\t\t\t\t\t\t<\/div>\n\t\t\t\t<\/div>\n\t\t\t\t<div class=\"elementor-element elementor-element-ba7d9ac elementor-widget elementor-widget-image\" data-id=\"ba7d9ac\" data-element_type=\"widget\" data-e-type=\"widget\" data-widget_type=\"image.default\">\n\t\t\t\t<div class=\"elementor-widget-container\">\n\t\t\t\t\t\t\t\t\t\t\t\t\t\t\t<img loading=\"lazy\" decoding=\"async\" width=\"640\" height=\"479\" src=\"http:\/\/hsurvie.org\/wp-content\/uploads\/2024\/08\/photoformationhsurvie1-1024x767.jpeg\" class=\"attachment-large size-large wp-image-244\" alt=\"\" srcset=\"http:\/\/hsurvie.org\/wp-content\/uploads\/2024\/08\/photoformationhsurvie1-1024x767.jpeg 1024w, http:\/\/hsurvie.org\/wp-content\/uploads\/2024\/08\/photoformationhsurvie1-300x225.jpeg 300w, http:\/\/hsurvie.org\/wp-content\/uploads\/2024\/08\/photoformationhsurvie1-768x575.jpeg 768w, http:\/\/hsurvie.org\/wp-content\/uploads\/2024\/08\/photoformationhsurvie1.jpeg 1080w\" sizes=\"(max-width: 640px) 100vw, 640px\" \/>\t\t\t\t\t\t\t\t\t\t\t\t\t\t\t<\/div>\n\t\t\t\t<\/div>\n\t\t\t\t\t<\/div>\n\t\t<\/div>\n\t\t\t\t\t<\/div>\n\t\t<\/section>\n\t\t\t\t<\/div>\n\t\t","protected":false},"excerpt":{"rendered":"<p>Programme d&#039;\u00e9ducation environnementale Analyse de la Dynamique Environnementale en Ha\u00efti La relation historique entre l\u2019homme ha\u00eftien et son environnement a \u00e9t\u00e9 caract\u00e9ris\u00e9e par une harmonie intrins\u00e8que, o\u00f9 les \u00e9l\u00e9ments naturels tels que l\u2019air, l\u2019eau, la flore et la faune \u00e9taient profond\u00e9ment respect\u00e9s. Des traditions ancestrales, telles que la plantation d\u2019un arbre \u00e0 la naissance d\u2019un enfant, symbolisaient cette connexion, avec&#8230;<\/p>","protected":false},"author":1,"featured_media":40,"parent":0,"menu_order":0,"comment_status":"closed","ping_status":"closed","template":"page-templates\/full-width.php","meta":{"footnotes":""},"class_list":["post-230","page","type-page","status-publish","has-post-thumbnail","hentry"],"_links":{"self":[{"href":"https:\/\/hsurvie.org\/en\/wp-json\/wp\/v2\/pages\/230","targetHints":{"allow":["GET"]}}],"collection":[{"href":"https:\/\/hsurvie.org\/en\/wp-json\/wp\/v2\/pages"}],"about":[{"href":"https:\/\/hsurvie.org\/en\/wp-json\/wp\/v2\/types\/page"}],"author":[{"embeddable":true,"href":"https:\/\/hsurvie.org\/en\/wp-json\/wp\/v2\/users\/1"}],"replies":[{"embeddable":true,"href":"https:\/\/hsurvie.org\/en\/wp-json\/wp\/v2\/comments?post=230"}],"version-history":[{"count":16,"href":"https:\/\/hsurvie.org\/en\/wp-json\/wp\/v2\/pages\/230\/revisions"}],"predecessor-version":[{"id":375,"href":"https:\/\/hsurvie.org\/en\/wp-json\/wp\/v2\/pages\/230\/revisions\/375"}],"wp:featuredmedia":[{"embeddable":true,"href":"https:\/\/hsurvie.org\/en\/wp-json\/wp\/v2\/media\/40"}],"wp:attachment":[{"href":"https:\/\/hsurvie.org\/en\/wp-json\/wp\/v2\/media?parent=230"}],"curies":[{"name":"wp","href":"https:\/\/api.w.org\/{rel}","templated":true}]}}